{"id":10120,"date":"2025-12-01T07:03:11","date_gmt":"2025-12-01T06:03:11","guid":{"rendered":"https:\/\/santraimon.cat\/sessio-informativa-amb-urquiola-de-palacio-presidenta-de-la-uia\/"},"modified":"2026-01-29T16:18:49","modified_gmt":"2026-01-29T15:18:49","slug":"activitats-socials","status":"publish","type":"page","link":"https:\/\/santraimon.cat\/es\/activitats-socials\/","title":{"rendered":"Actividades Sociales"},"content":{"rendered":"<p>[vc_row][vc_column][vc_column_text]<\/p>\n<h3 style=\"text-align: center;\"><span style=\"color: #66372c;\"><strong>Actividades Sociales<\/strong><\/span><\/h3>\n<hr \/>\n<div class=\"detail-header\">\n<div class=\"lead\">\n<p>Con motivo de las festividades de Sant Raimon de Penyafort 2026, este a\u00f1o el Ilustre Colegio de la Abogac\u00eda de Barcelona (ICAB) ha organitzado un amplio programa de actividades culturales dirigidas a todos los colegiados.<\/p>\n<p><strong>1. BARRIO JUD\u00cdO<\/strong><\/p>\n<p>En primer lugar, el ICAB invita a los colegiados y colegiadas a participar en la visita al <strong>Barrio Jud\u00edo y a la Sinagoga Mayor<\/strong>, prevista para el <strong>jueves 29 de enero de 2026, de 10 a 12 h<\/strong>. Este itinerario permite redescubrir los or\u00edgenes medievales de la ciudad y profundizar en la historia de la comunidad jud\u00eda. En este caso, el aforo es m\u00e1s reducido, con un m\u00e1ximo de 20 personas, y las plazas se asignan por orden de inscripci\u00f3n.<\/p>\n<ul>\n<li><span style=\"color: #66372c;\"><strong>Visita al barrio Jud\u00edo y Sinagoga &#8211; PLAZAS AGOTADAS<\/strong><\/span><\/li>\n<\/ul>\n<p><strong>2. IGLESIA DEL PI<\/strong><\/p>\n<p>En segundo lugar, hay la<strong>\u00a0visita guiada a la Iglesia del Pi<\/strong>,\u00a0que incluye el acceso al campanario y una visita al archivo. La actividad tendr\u00e1 lugar <strong>el s\u00e1bado 31 de enero de 2026, de 10 a 12 h<\/strong>, y ofrece una oportunidad \u00fanica para descubrir espacios habitualmente restringidos. El aforo est\u00e1 limitado a 30 personas, y las plazas se otorgan por orden de inscripci\u00f3n.<\/p>\n<ul>\n<li><span style=\"color: #66372c;\"><strong><a style=\"color: #66372c;\" href=\"https:\/\/docs.google.com\/forms\/d\/e\/1FAIpQLSdSVe0uabxHrAaFvWThsx7PABLoe6URnUUg_74ZgAQZg4MYnA\/viewform?usp=header\" target=\"_blank\" rel=\"noopener\">Visita guiada a la Iglesia del Pi (INSCRIPCIONES)<\/a><\/strong><\/span><\/li>\n<\/ul>\n<p><strong>3. TORRE BAR\u00d3 Y RUTA DEL BUS 47\u00a0<\/strong><\/p>\n<p>En tercer lugar, el ICAB organiza una <strong>visita a Torre Bar\u00f3, inspirada en la ruta del hist\u00f3rico autob\u00fas 47<\/strong>, una l\u00ednea cargada de memoria colectiva que simboliza la transformaci\u00f3n urbana y social del distrito de Nou Barris. La ruta profundiza en un barrio nacido en los a\u00f1os 50 de la mano de sus propios vecinos, conociendo su historia y su situaci\u00f3n actual. Los participantes tendr\u00e1n el privilegio de ver Barcelona desde el mirador de Collserola y, adem\u00e1s, visitar el Castillo de Torre Bar\u00f3, subiendo hasta lo alto del castillo acompa\u00f1ados por el gu\u00eda y disfrutando de la panor\u00e1mica completa de Barcelona y el Vall\u00e8s. La visita se celebrar\u00e1 el <strong>lunes 2 de febrero de 2026, de 10 h a 12 h<\/strong>, con un aforo m\u00e1ximo de 30 personas e inscripci\u00f3n por orden de solicitud.<\/p>\n<ul>\n<li><span style=\"color: #66372c;\"><strong><a style=\"color: #66372c;\" href=\"https:\/\/docs.google.com\/forms\/d\/e\/1FAIpQLSf5qUgInQ1GCKlZj-VuNp6U45hK-u63DN_Npj-0fyYNjRo_vg\/viewform?usp=header\" target=\"_blank\" rel=\"noopener\">Visita Ruta del autob\u00fas 47 (INSCRIPCIONES)<\/a><\/strong><\/span><\/li>\n<\/ul>\n<p><strong>4. JARDINES LARIBAL<\/strong><\/p>\n<p>En cuarto lugar, se propone un recorrido por los <strong>Jardines Laribal, el Teatre Grec y la Font del Gat<\/strong>, tres espacios emblem\u00e1ticos de Montju\u00efc. Los tres jardines est\u00e1n situados uno junto al otro y configuran un conjunto de jardiner\u00eda y paisajismo exquisito, con excelentes vistas sobre la ciudad. Tienen la consideraci\u00f3n de jardines hist\u00f3ricos y cuentan con elementos ornamentales como fuentes, escaleras, estanques y una vegetaci\u00f3n exuberante que invita al paseo y tambi\u00e9n a la meditaci\u00f3n o la lectura. La visita se celebrar\u00e1 el<strong> mi\u00e9rcoles 4 de febrero de 2026, tambi\u00e9n de 10 a 12 h<\/strong>, y permitir\u00e1 a los asistentes adentrarse en el patrimonio paisaj\u00edstico y cultural de Barcelona. El aforo es de 30 personas, con inscripci\u00f3n previa obligatoria.<\/p>\n<ul>\n<li><span style=\"color: #66372c;\"><strong><a style=\"color: #66372c;\" href=\"https:\/\/docs.google.com\/forms\/d\/e\/1FAIpQLScju9tCVue-la1lNvMFnnJ40o_uxHXQGsdGBJV9LfDHcd-zHQ\/viewform?usp=header\" target=\"_blank\" rel=\"noopener\">Visita Jard\u00ednes Laribal y Teatre Grec (INSCRIPCIONES)<\/a><\/strong><\/span><\/li>\n<\/ul>\n<p><strong>5. BARCINO ROMANA<\/strong><\/p>\n<p>Finalmente, est\u00e1 la visita a la <strong>Barcino Romana, que incluye el Templo de Augusto, la V\u00eda Sepulcral y el Templo Romano<\/strong>. El itinerario comenzar\u00e1 en la V\u00eda Sepulcral romana, para conocer sus rituales funerarios y visitar el Centro de Interpretaci\u00f3n del MUHBA. A continuaci\u00f3n, se recorrer\u00e1n los principales yacimientos de su \u00e9poca: las murallas, el templo de Augusto, las termas, el foro\u2026 Una visita completa a la ciudad de hace 2.000 a\u00f1os. La actividad tendr\u00e1 lugar el <strong>martes 3 de febrero de 2026, de 10 h a 12 h<\/strong>, con el objetivo de explorar los vestigios m\u00e1s significativos de la Barcelona romana. El aforo es de 30 personas y es necesaria inscripci\u00f3n previa.<\/p>\n<ul>\n<li><span style=\"color: #66372c;\"><strong><a style=\"color: #66372c;\" href=\"https:\/\/docs.google.com\/forms\/d\/e\/1FAIpQLSegBASPloejcmPSDqW8JDoHh8WstF2U0Bg8q0lohWnBeNMgdQ\/viewform?usp=header\" target=\"_blank\" rel=\"noopener\">Visita Barcino Romana (INSCRIPCIONES)<\/a><\/strong><\/span><\/li>\n<\/ul>\n<\/div>\n<\/div>\n<p style=\"text-align: left;\"><span style=\"color: #66372c;\"><strong>Informaci\u00f3n<\/strong><\/span><\/p>\n<hr \/>\n<p>Telf. 93 601 13 31<\/p>\n<p><a href=\"activitatssocials@icab.cat\" target=\"_blank\" rel=\"noopener\">activitatssocials@icab.cat<\/a>[\/vc_column_text][\/vc_column][\/vc_row]<\/p>\n","protected":false},"excerpt":{"rendered":"<p>[vc_row][vc_column][vc_column_text] Actividades Sociales Con motivo de las festividades de Sant Raimon de Penyafort 2026, este a\u00f1o el Ilustre Colegio de la Abogac\u00eda de Barcelona (ICAB)&hellip;<\/p>\n<p><a href=\"https:\/\/santraimon.cat\/es\/activitats-socials\/\" class=\"read-more-link\"><span class=\"read-more-icon\"><\/span>Read more<\/a><\/p>\n","protected":false},"author":899,"featured_media":11821,"parent":0,"menu_order":0,"comment_status":"closed","ping_status":"closed","template":"","meta":{"_monsterinsights_skip_tracking":false,"_monsterinsights_sitenote_active":false,"_monsterinsights_sitenote_note":"","_monsterinsights_sitenote_category":0,"footnotes":""},"_links":{"self":[{"href":"https:\/\/santraimon.cat\/es\/wp-json\/wp\/v2\/pages\/10120"}],"collection":[{"href":"https:\/\/santraimon.cat\/es\/wp-json\/wp\/v2\/pages"}],"about":[{"href":"https:\/\/santraimon.cat\/es\/wp-json\/wp\/v2\/types\/page"}],"author":[{"embeddable":true,"href":"https:\/\/santraimon.cat\/es\/wp-json\/wp\/v2\/users\/899"}],"replies":[{"embeddable":true,"href":"https:\/\/santraimon.cat\/es\/wp-json\/wp\/v2\/comments?post=10120"}],"version-history":[{"count":43,"href":"https:\/\/santraimon.cat\/es\/wp-json\/wp\/v2\/pages\/10120\/revisions"}],"predecessor-version":[{"id":11994,"href":"https:\/\/santraimon.cat\/es\/wp-json\/wp\/v2\/pages\/10120\/revisions\/11994"}],"wp:featuredmedia":[{"embeddable":true,"href":"https:\/\/santraimon.cat\/es\/wp-json\/wp\/v2\/media\/11821"}],"wp:attachment":[{"href":"https:\/\/santraimon.cat\/es\/wp-json\/wp\/v2\/media?parent=10120"}],"curies":[{"name":"wp","href":"https:\/\/api.w.org\/{rel}","templated":true}]}}