{"id":10318,"date":"2025-12-01T12:23:53","date_gmt":"2025-12-01T11:23:53","guid":{"rendered":"https:\/\/santraimon.cat\/visita-a-la-sagrada-familia\/"},"modified":"2026-01-14T17:13:28","modified_gmt":"2026-01-14T16:13:28","slug":"espai-de-reflexio-fundacio-srp","status":"publish","type":"page","link":"https:\/\/santraimon.cat\/es\/espai-de-reflexio-fundacio-srp\/","title":{"rendered":"Espacio de reflexi\u00f3n de la Fundaci\u00f3n SRP"},"content":{"rendered":"<p>[vc_row][vc_column][vc_column_text]<\/p>\n<h3 style=\"text-align: center;\"><strong><span style=\"color: #66372c;\">ESPACIO DE REFLEXI\u00d3N DE LA FUNDACI\u00d3N SANT RAIMON DE PENYAFORT<\/span><\/strong><\/h3>\n<hr \/>\n<p>La primera de las conferencias de Sant Raimon de Penyafort 2026 ser\u00e1 el\u00a0Espacio de Reflexi\u00f3n de la Fundaci\u00f3n SRP sobre \u201cLas nuevas emergencias: retos jur\u00eddicos y sociales\u201d. <strong>Se celebrar\u00e1 en la Sala de Lectura de la Biblioteca del ICAB el 2 de febrero de 2026, a las 18:30 h.<\/strong><\/p>\n<p><strong><u>\u201cLas nuevas emergencias: retos jur\u00eddicos y sociales\u201d<\/u><\/strong><strong>\u00a0<\/strong><\/p>\n<ul>\n<li><strong>Programa<\/strong><\/li>\n<li><strong>Palabras de bienvenida<\/strong>: <strong> Cristina Vallejo<\/strong>, presidenta de la Fundaci\u00f3n Sant Raimon de Penyafort y decana del Ilustre Colegio de la Abogac\u00eda de Barcelona.<\/li>\n<li><strong>Ponencia introductoria<\/strong>: <strong> Joan Llu\u00eds P\u00e9rez Francesch<\/strong>, catedr\u00e1tico de Derecho constitucional de la UAB.<\/li>\n<\/ul>\n<p><strong>Mesa Redonda<\/strong>:<\/p>\n<ul>\n<li><strong> Joan Delort i Menal<\/strong>, exdirector general de Prevencin\u00f3, Extinci\u00f3n de Incendios y Salvamento; exdirector de Emergencias 112 Catalu\u00f1a; exdirector general de Protecci\u00f3n civil y exdirector del \u00abServei Catal\u00e0 de Tr\u00e0nsit\u00bb.<\/li>\n<li><strong> Guillem Pursals Jaime<\/strong>, polit\u00f3logo y M\u00e1ster en Seguridad.<\/li>\n<li><strong> Encarna Orduna Pardo, <\/strong>secretaria general del Consejo General de la Abogac\u00eda Espa\u00f1ola y patrona de la Fundaci\u00f3n Sant Raimon de Penyafort<\/li>\n<\/ul>\n<p><strong>Modera: <\/strong><\/p>\n<ul>\n<li><strong>Sr. Xavier Puigdollers Noblom, <\/strong>abogado i patrono de la Fundaci\u00f3n Sant Raimon de Penyafort<\/li>\n<\/ul>\n<p><strong>Coloquio abierto<\/strong><\/p>\n<p><strong>Clausura<\/strong><\/p>\n<p>Acto organizado en el marco del <strong>Convenio de Colaboraci\u00f3n<\/strong> entre la Fundaci\u00f3n Privada Sant Raimon de Penyafort y la Universitat Aut\u00f2noma de Barcelona (UAB)- IurisLab Cl\u00ednica Jur\u00eddica<\/p>\n<hr \/>\n<p style=\"text-align: left;\"><span style=\"color: #66372c;\"><strong>Informaci\u00f3n<\/strong><\/span><\/p>\n<p><a href=\"mailto:secretariadejunta@icab.cat\" target=\"_blank\" rel=\"noopener\">secretariadejunta@icab.cat<\/a>[\/vc_column_text][\/vc_column][\/vc_row][vc_row][vc_column][om_agenda display_speakers=\u00bb\u00bb description_expand=\u00bbyes\u00bb][om_agenda_day title=\u00bbLUNES\u00bb date=\u00bb02\/02\/2026&#8243;][om_agenda_item icon_fontawesome=\u00bb\u00bb speaker_links=\u00bb\u00bb time=\u00bb18.30 h\u00bb title=\u00bbEspacio de Reflexi\u00f3n \u201cLas nuevas emergencias: Retos jur\u00eddicos y sociales\u201d\u00bb room=\u00bbBiblioteca ICAB\u00bb][\/om_agenda_item][\/om_agenda_day][\/om_agenda][\/vc_column][\/vc_row]<\/p>\n","protected":false},"excerpt":{"rendered":"<p>[vc_row][vc_column][vc_column_text] ESPACIO DE REFLEXI\u00d3N DE LA FUNDACI\u00d3N SANT RAIMON DE PENYAFORT La primera de las conferencias de Sant Raimon de Penyafort 2026 ser\u00e1 el\u00a0Espacio de&hellip;<\/p>\n<p><a href=\"https:\/\/santraimon.cat\/es\/espai-de-reflexio-fundacio-srp\/\" class=\"read-more-link\"><span class=\"read-more-icon\"><\/span>Read more<\/a><\/p>\n","protected":false},"author":1,"featured_media":11821,"parent":0,"menu_order":0,"comment_status":"closed","ping_status":"closed","template":"","meta":{"_monsterinsights_skip_tracking":false,"_monsterinsights_sitenote_active":false,"_monsterinsights_sitenote_note":"","_monsterinsights_sitenote_category":0,"footnotes":""},"_links":{"self":[{"href":"https:\/\/santraimon.cat\/es\/wp-json\/wp\/v2\/pages\/10318"}],"collection":[{"href":"https:\/\/santraimon.cat\/es\/wp-json\/wp\/v2\/pages"}],"about":[{"href":"https:\/\/santraimon.cat\/es\/wp-json\/wp\/v2\/types\/page"}],"author":[{"embeddable":true,"href":"https:\/\/santraimon.cat\/es\/wp-json\/wp\/v2\/users\/1"}],"replies":[{"embeddable":true,"href":"https:\/\/santraimon.cat\/es\/wp-json\/wp\/v2\/comments?post=10318"}],"version-history":[{"count":8,"href":"https:\/\/santraimon.cat\/es\/wp-json\/wp\/v2\/pages\/10318\/revisions"}],"predecessor-version":[{"id":11952,"href":"https:\/\/santraimon.cat\/es\/wp-json\/wp\/v2\/pages\/10318\/revisions\/11952"}],"wp:featuredmedia":[{"embeddable":true,"href":"https:\/\/santraimon.cat\/es\/wp-json\/wp\/v2\/media\/11821"}],"wp:attachment":[{"href":"https:\/\/santraimon.cat\/es\/wp-json\/wp\/v2\/media?parent=10318"}],"curies":[{"name":"wp","href":"https:\/\/api.w.org\/{rel}","templated":true}]}}